{"id":16619,"date":"2016-04-08T17:42:27","date_gmt":"2016-04-08T15:42:27","guid":{"rendered":"http:\/\/www.affittolugano.ch\/wp\/?page_id=16619"},"modified":"2017-01-12T21:11:02","modified_gmt":"2017-01-12T20:11:02","slug":"faq-de","status":"publish","type":"page","link":"https:\/\/www.affittolugano.ch\/de\/faq-de\/","title":{"rendered":"faq-de"},"content":{"rendered":"<p>[vc_row row_type=&#8220;row&#8220; use_row_as_full_screen_section=&#8220;no&#8220; type=&#8220;full_width&#8220; angled_section=&#8220;no&#8220; text_align=&#8220;center&#8220; background_image_as_pattern=&#8220;without_pattern&#8220; background_color=&#8220;#ffffff&#8220; css_animation=&#8220;&#8220;][vc_column][vc_row_inner row_type=&#8220;row&#8220; type=&#8220;grid&#8220; text_align=&#8220;left&#8220; padding_top=&#8220;85&#8243; padding_bottom=&#8220;0&#8243; css_animation=&#8220;&#8220;][vc_column_inner][vc_column_text]<\/p>\n<h1 style=\"text-align: center;\">Aparthotel &#8222;La Residenza&#8220;, Lugano &#8211; FAQ<\/h1>\n<p>[\/vc_column_text][vc_separator type=&#8220;transparent&#8220; up=&#8220;20&#8243; down=&#8220;0&#8243;][vc_separator type=&#8220;transparent&#8220; up=&#8220;30&#8243; down=&#8220;0&#8243;][vc_column_text]<\/p>\n<h2 style=\"text-align: center;\">In diesem Bereich finden Sie alle Antworten auf die am h\u00e4ufigsten gestellten Fragen<\/h2>\n<p>[\/vc_column_text][vc_separator type=&#8220;transparent&#8220; up=&#8220;87&#8243; down=&#8220;0&#8243;][\/vc_column_inner][\/vc_row_inner][vc_row_inner row_type=&#8220;row&#8220; type=&#8220;grid&#8220; text_align=&#8220;left&#8220; css_animation=&#8220;&#8220;][vc_column_inner width=&#8220;1\/2&#8243;][vc_raw_html]JTNDcCUyMGFsaWduJTNEJTIyY2VudGVyJTIyJTNFJTNDaW1nJTIwYWx0JTNEJTIyJTIyTGElMjBSZXNpZGVuemElMjIlMjBzZXJ2aWNlZCUyMGFwYXJ0bWVudHMlMkMlMjBMdWdhbm8lMjAtJTIwQ0glMjIlMjBoZWlnaHQlM0QlMjIzMTAlMjIlMjBzcmMlM0QlMjJodHRwJTNBJTJGJTJGd3d3LmFmZml0dG9sdWdhbm8uY2glMkZ3cCUyRndwLWNvbnRlbnQlMkZ1cGxvYWRzJTJGMjAxNiUyRjAzJTJGaW5ncmVzc28tY2FtZXJlLWFmZml0dG8uanBnJTIyJTIwdGl0bGUlM0QlMjIlMjJMYSUyMFJlc2lkZW56YSUyMiUyMHNlcnZpY2VkJTIwYXBhcnRtZW50cyUyQyUyMEx1Z2FubyUyMC0lMjBDSCUyMiUyMHdpZHRoJTNEJTIyNTAwJTIyJTNFJTNDJTJGcCUzRQ==[\/vc_raw_html][vc_separator type=&#8220;transparent&#8220; up=&#8220;45&#8243; down=&#8220;0&#8243;][\/vc_column_inner][vc_column_inner width=&#8220;1\/2&#8243;][vc_raw_html]JTNDcCUyMGFsaWduJTNEJTIyY2VudGVyJTIyJTNFJTBBJTA5JTA5JTNDaW1nJTIwYWx0JTNEJTIyJTIyTGElMjBSZXNpZGVuemElMjIlMjBzZXJ2aWNlZCUyMGFwYXJ0bWVudHMlMkMlMjBMdWdhbm8lMjAtJTIwQ0glMjIlMjBoZWlnaHQlM0QlMjIzMTAlMjIlMjBzcmMlM0QlMjJodHRwJTNBJTJGJTJGd3d3LmFmZml0dG9sdWdhbm8uY2glMkZ3cCUyRndwLWNvbnRlbnQlMkZ1cGxvYWRzJTJGMjAxNiUyRjAzJTJGaW5ncmVzc28tcmVzaWRlbmNlLWNhbWVyZS1hZmZpdHRvLmpwZyUyMiUyMHRpdGxlJTNEJTIyJTIyTGElMjBSZXNpZGVuemElMjIlMjBzZXJ2aWNlZCUyMGFwYXJ0bWVudHMlMkMlMjBMdWdhbm8lMjAtJTIwQ0glMjIlMjB3aWR0aCUzRCUyMjUwMCUyMiUzRSUzQyUyRnAlM0U=[\/vc_raw_html][vc_separator type=&#8220;transparent&#8220; up=&#8220;45&#8243; down=&#8220;0&#8243;][\/vc_column_inner][\/vc_row_inner][\/vc_column][\/vc_row][vc_row row_type=&#8220;row&#8220; use_row_as_full_screen_section=&#8220;no&#8220; type=&#8220;grid&#8220; angled_section=&#8220;no&#8220; text_align=&#8220;left&#8220; background_image_as_pattern=&#8220;without_pattern&#8220; background_color=&#8220;#ffffff&#8220; padding_top=&#8220;80&#8243; css_animation=&#8220;&#8220; el_class=&#8220;team_hover_color&#8220;][vc_column width=&#8220;1\/2&#8243;][vc_accordion active_tab=&#8220;1&#8243; collapsible=&#8220;yes&#8220; style=&#8220;boxed_accordion&#8220;][vc_accordion_tab title=&#8220;Gelten die Preise pro Zimmer\/Appartment oder pro Person?&#8220; background_color=&#8220;#a3a3a3&#8243;][vc_column_text]Alle unter\u00a0<a title=\"affitto lugano\" href=\"http:\/\/www.affittolugano.ch\/de\/preise-und-angebote\/\">Preise und Angebote<\/a>\u00a0aufgef\u00fchrten Betr\u00e4ge gelten pro Zimmer\/Appartement.[\/vc_column_text][\/vc_accordion_tab][vc_accordion_tab title=&#8220;Sind G\u00e4ste im Zimmer\/Appartement erlaubt?&#8220; background_color=&#8220;#a3a3a3&#8243;][vc_column_text]Sicher.[\/vc_column_text][\/vc_accordion_tab][vc_accordion_tab title=&#8220;Wie lange darf sich ein Gast in einem Zimmer\/Appartement aufhalten?&#8220; background_color=&#8220;#a3a3a3&#8243;][vc_column_text]Wenn Ihre G\u00e4ste nur ein paar N\u00e4chte bei Ihnen verbringen, ist das kein Problem. Bei l\u00e4ngeren Aufenthalten fallen zwar keine zus\u00e4tzlichen Kosten an, aber die Personalien des Gastes sind bei der Direktion zu melden, da wir in diesem Fall verpflichtet sind, sie aufzunehmen.[\/vc_column_text][\/vc_accordion_tab][vc_accordion_tab title=&#8220;Wo kann ich mein Fahrzeug parkieren?&#8220; background_color=&#8220;#a3a3a3&#8243;][vc_column_text]Unsere Residence verf\u00fcgt \u00fcber acht Parkpl\u00e4tze im Freien (Mietpreis 150.00 CHF\/Monat). Alternativ dazu kann das Fahrzeug auf den Parkpl\u00e4tzen der Strassen in unmittelbarer N\u00e4he der Residence abgestellt werden.[\/vc_column_text][\/vc_accordion_tab][vc_accordion_tab title=&#8220;Welche Mindestmietdauer gilt f\u00fcr ein Zimmer\/Appartement der Residence?&#8220; background_color=&#8220;#a3a3a3&#8243;][vc_column_text]Wir vermieten unsere Zimmer\/Appartments im Allgemeinen f\u00fcr mindestens drei Monate, wobei auch Aufenthalte f\u00fcr die Dauer von einer Woche vereinbart werden k\u00f6nnen. Setzen Sie sich mit uns in Kontakt, damit wir die ideale L\u00f6sung f\u00fcr Ihre Bed\u00fcrfnisse finden k\u00f6nnen.[\/vc_column_text][\/vc_accordion_tab][vc_accordion_tab title=&#8220;Wie weit ist das Aparthotel von der n\u00e4chsten Bushaltestelle entfernt?&#8220; background_color=&#8220;#a3a3a3&#8243;][vc_column_text]50 meter.[\/vc_column_text][\/vc_accordion_tab][vc_accordion_tab title=&#8220;Wie weit ist das Aparthotel vom Bahnhof Lugano entfernt?&#8220; background_color=&#8220;#a3a3a3&#8243;][vc_column_text]Etwa 2 Kilometer. Sie erreichen das Aparthotel bequem mit den Stadtbussen und der Drahtseilbahn ab Bahnhof.[\/vc_column_text][\/vc_accordion_tab][vc_accordion_tab title=&#8220;Verf\u00fcgt das Aparthotel \u00fcber Internetanschluss?&#8220; background_color=&#8220;#a3a3a3&#8243;][vc_column_text]Ja. Unsere G\u00e4ste k\u00f6nnen sich kostenlos in unser Wi-Fi-Netzwerk einw\u00e4hlen.[\/vc_column_text][\/vc_accordion_tab][vc_accordion_tab title=&#8220;Werden Nebenkosten wie Strom, Wasser und Heizung separat berechnet?&#8220; background_color=&#8220;#a3a3a3&#8243;][vc_column_text]Nein, absolut nicht! Diese Kosten sind im Mietpreis inbegriffen.[\/vc_column_text][\/vc_accordion_tab][vc_accordion_tab title=&#8220;Sind die Zimmer\/Appartements des Aparthotels rauchfrei?&#8220; background_color=&#8220;#a3a3a3&#8243;][vc_column_text]Das Aparthotel verf\u00fcgt \u00fcber Zimmer\/Appartements f\u00fcr Raucher- und Nichtraucher. Bitte geben Sie bei der Buchung an, ob Sie ein Zimmer\/Appartement f\u00fcr Raucher m\u00f6chten oder nicht. Wir werden Ihren W\u00fcnschen nachkommen.[\/vc_column_text][\/vc_accordion_tab][\/vc_accordion][vc_empty_space height=&#8220;65px&#8220;][\/vc_column][vc_column width=&#8220;1\/2&#8243;][vc_accordion active_tab=&#8220;1&#8243; collapsible=&#8220;yes&#8220; style=&#8220;boxed_accordion&#8220;][vc_accordion_tab title=&#8220;Verf\u00fcgt das Aparthotel \u00fcber Video\u00fcberwachung?&#8220; background_color=&#8220;#a3a3a3&#8243;][vc_column_text]Sicher. Zur Sicherheit unserer G\u00e4ste werden die Gemeinschaftsbereiche der Residence rund um die Uhr per Video \u00fcberwacht.[\/vc_column_text][\/vc_accordion_tab][vc_accordion_tab title=&#8220;Sind Haustiere in den Zimmern\/Appartements erlaubt?&#8220; background_color=&#8220;#a3a3a3&#8243;][vc_column_text]Im Allgemeinen sind Hunde oder Katzen in den Zimmern\/Appartements erlaubt, sofern sie die anderen G\u00e4ste der Residence nicht st\u00f6ren und nach vorheriger Vereinbarung mit der Direktion.[\/vc_column_text][\/vc_accordion_tab][vc_accordion_tab title=&#8220;Ist es erlaubt, in den Zimmern\/Appartements zu kochen?&#8220; background_color=&#8220;#a3a3a3&#8243;][vc_column_text]Wir verf\u00fcgen \u00fcber Appartements mit Kochnische und Zimmer ohne Kochnische. Die Zimmer mit Kochnische (erst k\u00fcrzlich renoviert) kosten 100.00 CHF mehr pro Monat\u00a0<a title=\"affitto lugano\" href=\"http:\/\/www.affittolugano.ch\/de\/preise-und-angebote\/\">(siehe Preise und Angebote)<\/a>. Sie k\u00f6nnen die Zimmer ohne Kochnische wie auch immer mit einem eigenen elektrischen Kochherd oder einer eigenen Mikrowelle ausr\u00fcsten.[\/vc_column_text][\/vc_accordion_tab][vc_accordion_tab title=&#8220;Kann ich in der Umgebung des Aparthotels g\u00fcnstig essen?&#8220; background_color=&#8220;#a3a3a3&#8243;][vc_column_text]Sicher. Es gibt eine Konditorei im selben Geb\u00e4ude des Aparthotels, das am Mittag Qualit\u00e4tsmen\u00fcs zu wirklich g\u00fcnstigen Fixpreisen anbietet.[\/vc_column_text][\/vc_accordion_tab][vc_accordion_tab title=&#8220;Verf\u00fcgen die Zimmer\/Appartements des Aparthotels \u00fcber Fernseher?&#8220; background_color=&#8220;#a3a3a3&#8243;][vc_column_text]Sicher. Alle Zimmer\/Appartements sind mit Kabelfernsehen (30 Kan\u00e4le) ausgestattet. Dieser Service ist im Mietpreis inbegriffen.[\/vc_column_text][\/vc_accordion_tab][vc_accordion_tab title=&#8220;Worin liegt der Unterschied zwischen renovierten Appartements und nicht renovierten Zimmern?&#8220; background_color=&#8220;#a3a3a3&#8243;][vc_column_text]Die Zimmer\/Appartements des Aparthotels werden derzeit graduell renoviert, d. h., die bestehenden Spannteppiche werden durch ein Designparkett aus massiver Eiche ersetzt und mit einer erlesenen Kochnische ausgestattet. In anderen Worten verf\u00fcgen die nicht renovierten Zimmer \u00fcber Spannteppiche bzw. kein Parkett, haben keine Kochnische und sind weniger modern m\u00f6bliert. Die Differenz zwischen dem monatlichen Mietpreis von nicht renovierten Zimmern und renovierten Appartements bel\u00e4uft sich auf 100.00 CHF (<a title=\"affitto lugano\" href=\"http:\/\/www.affittolugano.ch\/de\/preise-und-angebote\/\">siehe Preise und Angebote<\/a>).[\/vc_column_text][\/vc_accordion_tab][vc_accordion_tab title=&#8220;Ist das Fr\u00fchst\u00fcck im Mietpreis inbegriffen?&#8220; background_color=&#8220;#a3a3a3&#8243;][vc_column_text]Das Fr\u00fchst\u00fcck kann in der Konditorei neben dem Aparthotel eingenommen werden und ist entsprechend Ihren W\u00fcnschen im Mietpreis inbegriffen oder nicht (<a title=\"affitto lugano\" href=\"http:\/\/www.affittolugano.ch\/de\/preise-und-angebote\/\">siehe Preise und Angebote<\/a>).[\/vc_column_text][\/vc_accordion_tab][vc_accordion_tab title=&#8220;Gibt es in der N\u00e4he des Aparthotels eine Poststelle?&#8220; background_color=&#8220;#a3a3a3&#8243;][vc_column_text]Sicher. Die Poststelle befindet sich im selben Geb\u00e4ude des Aparthotels.[\/vc_column_text][\/vc_accordion_tab][vc_accordion_tab title=&#8220;Verf\u00fcgt das Aparthotel \u00fcber eine Waschk\u00fcche?&#8220; background_color=&#8220;#a3a3a3&#8243;][vc_column_text]Ja. Das Aparthotel verf\u00fcgt \u00fcber eine Waschk\u00fcche mit Waschmaschine (M\u00fcnzen) und W\u00e4schetrockner.[\/vc_column_text][\/vc_accordion_tab][vc_accordion_tab title=&#8220;Ich habe auf dieser Seite leider keine Antwort auf meine Frage gefunden. Was tun?&#8220; background_color=&#8220;#a3a3a3&#8243;][vc_column_text]Wir haben auf dieser Seite die Fragen mit Antworten aufgef\u00fchrt, die uns am meisten gestellt werden. Sie erreichen uns f\u00fcr alle weiteren Informationen unter den Telefonnummern: +41 (0)91 976 1719 \/ +41 (0)79 937 8061.[\/vc_column_text][\/vc_accordion_tab][\/vc_accordion][vc_empty_space height=&#8220;65px&#8220;][\/vc_column][\/vc_row][vc_row row_type=&#8220;parallax&#8220; parallax_content_width=&#8220;in_grid&#8220; text_align=&#8220;center&#8220; background_image=&#8220;15286&#8243; full_screen_section_height=&#8220;no&#8220; section_height=&#8220;345&#8243;][vc_column][\/vc_column][\/vc_row]<\/p>\n","protected":false},"excerpt":{"rendered":"<p>[vc_row row_type=&#8220;row&#8220; use_row_as_full_screen_section=&#8220;no&#8220; type=&#8220;full_width&#8220; angled_section=&#8220;no&#8220; text_align=&#8220;center&#8220; background_image_as_pattern=&#8220;without_pattern&#8220; background_color=&#8220;#ffffff&#8220; css_animation=&#8220;&#8220;][vc_column][vc_row_inner row_type=&#8220;row&#8220; type=&#8220;grid&#8220; text_align=&#8220;left&#8220; padding_top=&#8220;85&#8243; padding_bottom=&#8220;0&#8243; css_animation=&#8220;&#8220;][vc_column_inner][vc_column_text] Aparthotel &#8222;La Residenza&#8220;, Lugano &#8211; FAQ [\/vc_column_text][vc_separator type=&#8220;transparent&#8220; up=&#8220;20&#8243; down=&#8220;0&#8243;][vc_separator type=&#8220;transparent&#8220; up=&#8220;30&#8243; down=&#8220;0&#8243;][vc_column_text] In diesem Bereich finden Sie alle Antworten auf die am h\u00e4ufigsten gestellten Fragen [\/vc_column_text][vc_separator type=&#8220;transparent&#8220; up=&#8220;87&#8243; down=&#8220;0&#8243;][\/vc_column_inner][\/vc_row_inner][vc_row_inner&#8230;<\/p>\n","protected":false},"author":1,"featured_media":0,"parent":0,"menu_order":0,"comment_status":"closed","ping_status":"closed","template":"full_width.php","meta":[],"_links":{"self":[{"href":"https:\/\/www.affittolugano.ch\/de\/wp-json\/wp\/v2\/pages\/16619"}],"collection":[{"href":"https:\/\/www.affittolugano.ch\/de\/wp-json\/wp\/v2\/pages"}],"about":[{"href":"https:\/\/www.affittolugano.ch\/de\/wp-json\/wp\/v2\/types\/page"}],"author":[{"embeddable":true,"href":"https:\/\/www.affittolugano.ch\/de\/wp-json\/wp\/v2\/users\/1"}],"replies":[{"embeddable":true,"href":"https:\/\/www.affittolugano.ch\/de\/wp-json\/wp\/v2\/comments?post=16619"}],"version-history":[{"count":0,"href":"https:\/\/www.affittolugano.ch\/de\/wp-json\/wp\/v2\/pages\/16619\/revisions"}],"wp:attachment":[{"href":"https:\/\/www.affittolugano.ch\/de\/wp-json\/wp\/v2\/media?parent=16619"}],"curies":[{"name":"wp","href":"https:\/\/api.w.org\/{rel}","templated":true}]}}